{"id":14,"date":"2015-09-12T14:43:33","date_gmt":"2015-09-12T14:43:33","guid":{"rendered":"http:\/\/www.ramatdecamins.cat\/?page_id=14&#038;lang=es"},"modified":"2015-10-26T17:52:18","modified_gmt":"2015-10-26T17:52:18","slug":"historia","status":"publish","type":"page","link":"https:\/\/www.ramatdecamins.cat\/es\/la-ruta\/historia\/","title":{"rendered":"La historia"},"content":{"rendered":"<p>La historia del <em>trekking<\/em> <strong>Ramat de Camins<\/strong> empieza en 2006 cuando una empresa de dinamizaci\u00f3n local de la comarca pirenaica del Pallars Sobir\u00e0 (<a href=\"http:\/\/www.montanyanes.net\" target=\"_blank\">Montanyanes<\/a>) decide celebrar el cincuentenario del viaje que en agosto de 1956 realizaron los escritores y caminantes <strong><a href=\"http:\/\/es.wikipedia.org\/wiki\/Camilo_Jos%C3%A9_Cela\" target=\"_blank\">Camilo Jos\u00e9 Cela<\/a><\/strong> (Padr\u00f3n, 1916 &#8211; Madrid, 2002) y <strong><a href=\"http:\/\/es.wikipedia.org\/wiki\/Josep_Maria_Espin%C3%A0s\" target=\"_blank\">Josep Maria Espin\u00e0s<\/a><\/strong> (Barcelona, 1927) por el Pallars Juss\u00e0, Pallars Sobir\u00e0, Val d&#8217;Aran y Alta Ribagor\u00e7a.\n<\/p>\n<div id=\"attachment_914\" style=\"width: 410px\" class=\"wp-caption aligncenter\"><img loading=\"lazy\" decoding=\"async\" aria-describedby=\"caption-attachment-914\" src=\"http:\/\/www.ramatdecamins.cat\/wp-content\/uploads\/2015\/10\/foto-espinas-nou-tamany.png\" alt=\"Camilo Jose Cela i Josep Maria Espin\u00e0s\" width=\"400\" height=\"560\" class=\"size-full wp-image-914\" srcset=\"https:\/\/www.ramatdecamins.cat\/wp-content\/uploads\/2015\/10\/foto-espinas-nou-tamany.png 400w, https:\/\/www.ramatdecamins.cat\/wp-content\/uploads\/2015\/10\/foto-espinas-nou-tamany-214x300.png 214w\" sizes=\"auto, (max-width: 400px) 100vw, 400px\" \/><p id=\"caption-attachment-914\" class=\"wp-caption-text\">Camilo Jose Cela y Josep Maria Espin\u00e0s<\/p><\/div>\n<p>De este viaje cada escritor escribi\u00f3 su relato: <em>Viaje al Pirineo de L\u00e9rida<\/em> (Destino, 1965) y <em>Viatge al Pirineu de Lleida<\/em> (Selecta, 1957), que m\u00e1s adelante Espin\u00e0s revisar\u00eda y retitul\u00f3 con el nombre de <em>A peu pel Pallars i la Vall d&#8217;Aran<\/em> (Campana, 2000). En estos libros se describ\u00edan las bellezas del paisaje, el cual se presentaba acompa\u00f1ado de una poblaci\u00f3n que empezaba a entrar en la modernidad. Recordemos que durante los a\u00f1os cincuenta del siglo XX en nuestro Pirineo apenas se empezaba a conocer la palabra \u00abturismo\u00bb.<\/p>\n<div id=\"attachment_288\" style=\"width: 493px\" class=\"wp-caption aligncenter\"><img loading=\"lazy\" decoding=\"async\" aria-describedby=\"caption-attachment-288\" class=\"size-full wp-image-288\" src=\"http:\/\/www.ramatdecamins.cat\/wp-content\/uploads\/2015\/10\/llibres_cela_espinas.jpg\" alt=\"Llibres d'en Camilo Jos\u00e9 Cela i en Josep Maria Espin\u00e0s\" width=\"483\" height=\"304\" srcset=\"https:\/\/www.ramatdecamins.cat\/wp-content\/uploads\/2015\/10\/llibres_cela_espinas.jpg 483w, https:\/\/www.ramatdecamins.cat\/wp-content\/uploads\/2015\/10\/llibres_cela_espinas-300x189.jpg 300w\" sizes=\"auto, (max-width: 483px) 100vw, 483px\" \/><p id=\"caption-attachment-288\" class=\"wp-caption-text\">Libros de Camilo Jos\u00e9 Cela y Josep Maria Espin\u00e0s<\/p><\/div>\n<p>En oto\u00f1o de 2006 se llevaron a cabo una serie de actos culturales para rememorar aquel viaje y en 2008 se constituy\u00f3 una asociaci\u00f3n, promovida por el <a href=\"http:\/\/www.idapa.cat\/\" target=\"_blank\">Institut de Desenvolupament de l&#8217;Alt Pirineu i Aran<\/a>, llamada \u201cUn ramat de camins. Associaci\u00f3 Pirinenca per al foment de la cultura i el turisme\u201d. <a href=\"http:\/\/www.elpuntavui.cat\/punt-divers\/article\/4-divers\/299216--els-pallars-la-ribagorca-i-laran-es-constitueixen-en-associacio-per-atreure-turistes-conjuntament-.html\" target=\"_blank\">Estaba formada por los <em>Consells Comarcals<\/em> del Pallars Juss\u00e0, Pallars Sobir\u00e0, Alta Ribagor\u00e7a y Conselh Generau d&#8217;Aran<\/a>, y la intenci\u00f3n era desestacionalizar el turismo con la promoci\u00f3n conjunta de propuestas tur\u00edsticas y culturales.<\/p>\n<div id=\"attachment_287\" style=\"width: 610px\" class=\"wp-caption aligncenter\"><img loading=\"lazy\" decoding=\"async\" aria-describedby=\"caption-attachment-287\" class=\"size-full wp-image-287\" src=\"http:\/\/www.ramatdecamins.cat\/wp-content\/uploads\/2015\/10\/celebracio.jpg\" alt=\"Actes culturals de la tardor del 2016\" width=\"600\" height=\"408\" srcset=\"https:\/\/www.ramatdecamins.cat\/wp-content\/uploads\/2015\/10\/celebracio.jpg 600w, https:\/\/www.ramatdecamins.cat\/wp-content\/uploads\/2015\/10\/celebracio-300x204.jpg 300w, https:\/\/www.ramatdecamins.cat\/wp-content\/uploads\/2015\/10\/celebracio-140x94.jpg 140w\" sizes=\"auto, (max-width: 600px) 100vw, 600px\" \/><p id=\"caption-attachment-287\" class=\"wp-caption-text\">Actos culturales del oto\u00f1o del 2006<\/p><\/div>\n<p>Una de estas propuestas les llev\u00f3 a contratar una escritora y caminante para que volviera a hacer el viaje de los escritores y escribiera su relato.<\/p>\n<div id=\"attachment_913\" style=\"width: 410px\" class=\"wp-caption aligncenter\"><img loading=\"lazy\" decoding=\"async\" aria-describedby=\"caption-attachment-913\" src=\"http:\/\/www.ramatdecamins.cat\/wp-content\/uploads\/2015\/10\/foto-n\u00faria-nou-tamany.png\" alt=\"N\u00faria Garcia Quera\" width=\"400\" height=\"560\" class=\"size-full wp-image-913\" srcset=\"https:\/\/www.ramatdecamins.cat\/wp-content\/uploads\/2015\/10\/foto-n\u00faria-nou-tamany.png 400w, https:\/\/www.ramatdecamins.cat\/wp-content\/uploads\/2015\/10\/foto-n\u00faria-nou-tamany-214x300.png 214w\" sizes=\"auto, (max-width: 400px) 100vw, 400px\" \/><p id=\"caption-attachment-913\" class=\"wp-caption-text\">N\u00faria Garcia Quera<\/p><\/div>\n<p>As\u00ed naci\u00f3 el libro <em><a href=\"http:\/\/www.sensus.cat\/nou-viatge-al-pirineu\" target=\"_blank\">Nou viatge al Pirineu<\/a><\/em> (Sensus, 2012), de <strong><a href=\"http:\/\/www.sensus.cat\/autora\" target=\"_blank\">N\u00faria Garcia Quera<\/a><\/strong>.<\/p>\n<div id=\"attachment_284\" style=\"width: 179px\" class=\"wp-caption aligncenter\"><img loading=\"lazy\" decoding=\"async\" aria-describedby=\"caption-attachment-284\" class=\"size-full wp-image-284\" src=\"http:\/\/www.ramatdecamins.cat\/wp-content\/uploads\/2015\/10\/nou_viatge_pirineu.jpg\" alt=\"Nou viatge al Pirineu - N\u00faria Garcia Quera\" width=\"169\" height=\"271\" \/><p id=\"caption-attachment-284\" class=\"wp-caption-text\"><em>Nou viatge al Pirineu<\/em> de N\u00faria Garcia Quera<\/p><\/div>\n<p>Esta escritora, a diferencia de sus predecesores, evit\u00f3 siempre que pudo el hecho de andar por el asfalto y escogi\u00f3 los antiguos caminos vecinales que unen los pueblos pirenaicos y que hac\u00eda pocos a\u00f1os que se hab\u00edan empezado a recuperar. As\u00ed naci\u00f3 la ruta <strong>Ramat de Camins<\/strong>, que tom\u00f3 el nombre de la asociaci\u00f3n y, tambi\u00e9n, de una expresi\u00f3n pirenaica. Cuando alguien dice que algo lo ha hecho muchas veces, dice que lo ha hecho \u00abun ramat de camins\u00bb (literalmente, <em>un reba\u00f1o de caminos<\/em>).<\/p>\n","protected":false},"excerpt":{"rendered":"<p>La historia del <em>trekking<\/em> Ramat de Camins empieza en 2006 cuando una empresa de dinamizaci\u00f3n local de la comarca pirenaica del Pallars Sobir\u00e0 (Montanyanes) decide celebrar el cincuentenario del viaje que en agosto de 1956 hicieron los escritores y caminantes Camilo Jos\u00e9 Cela y Josep Maria Espin\u00e0s por el Pallars Juss\u00e0, Pallars Sobir\u00e0, Val d&#8217;Aran y Alta Ribagor\u00e7a&#8230;<\/p>\n","protected":false},"author":1,"featured_media":0,"parent":316,"menu_order":0,"comment_status":"closed","ping_status":"closed","template":"page-full.php","meta":{"footnotes":""},"class_list":["post-14","page","type-page","status-publish","hentry"],"yoast_head":"<!-- This site is optimized with the Yoast SEO plugin v26.8 - https:\/\/yoast.com\/product\/yoast-seo-wordpress\/ -->\n<title>La historia - Ramat de Camins. La ruta de los 70 pueblos pirinaicos<\/title>\n<meta name=\"robots\" content=\"index, follow, max-snippet:-1, max-image-preview:large, max-video-preview:-1\" \/>\n<link rel=\"canonical\" href=\"https:\/\/www.ramatdecamins.cat\/la-ruta\/historia\/\" \/>\n<meta property=\"og:locale\" content=\"es_ES\" \/>\n<meta property=\"og:type\" content=\"article\" \/>\n<meta property=\"og:title\" content=\"La historia - Ramat de Camins. La ruta de los 70 pueblos pirinaicos\" \/>\n<meta property=\"og:description\" content=\"La historia del trekking Ramat de Camins empieza en 2006 cuando una empresa de dinamizaci\u00f3n local de la comarca pirenaica del Pallars Sobir\u00e0 (Montanyanes) decide celebrar el cincuentenario del viaje que en agosto de 1956 hicieron los escritores y caminantes Camilo Jos\u00e9 Cela y Josep Maria Espin\u00e0s por el Pallars Juss\u00e0, Pallars Sobir\u00e0, Val d&#039;Aran y Alta Ribagor\u00e7a...\" \/>\n<meta property=\"og:url\" content=\"https:\/\/www.ramatdecamins.cat\/la-ruta\/historia\/\" \/>\n<meta property=\"og:site_name\" content=\"Ramat de Camins. La ruta de los 70 pueblos pirinaicos\" \/>\n<meta property=\"article:publisher\" content=\"http:\/\/www.facebook.com\/ramatdecamins\/\" \/>\n<meta property=\"article:modified_time\" content=\"2015-10-26T17:52:18+00:00\" \/>\n<meta property=\"og:image\" content=\"http:\/\/www.ramatdecamins.cat\/wp-content\/uploads\/2015\/10\/foto-espinas-nou-tamany.png\" \/>\n<meta name=\"twitter:card\" content=\"summary_large_image\" \/>\n<meta name=\"twitter:label1\" content=\"Tiempo de lectura\" \/>\n\t<meta name=\"twitter:data1\" content=\"2 minutos\" \/>\n<script type=\"application\/ld+json\" class=\"yoast-schema-graph\">{\"@context\":\"https:\/\/schema.org\",\"@graph\":[{\"@type\":\"WebPage\",\"@id\":\"https:\/\/www.ramatdecamins.cat\/la-ruta\/historia\/\",\"url\":\"https:\/\/www.ramatdecamins.cat\/la-ruta\/historia\/\",\"name\":\"La historia - Ramat de Camins. La ruta de los 70 pueblos pirinaicos\",\"isPartOf\":{\"@id\":\"https:\/\/www.ramatdecamins.cat\/#website\"},\"primaryImageOfPage\":{\"@id\":\"https:\/\/www.ramatdecamins.cat\/la-ruta\/historia\/#primaryimage\"},\"image\":{\"@id\":\"https:\/\/www.ramatdecamins.cat\/la-ruta\/historia\/#primaryimage\"},\"thumbnailUrl\":\"http:\/\/www.ramatdecamins.cat\/wp-content\/uploads\/2015\/10\/foto-espinas-nou-tamany.png\",\"datePublished\":\"2015-09-12T14:43:33+00:00\",\"dateModified\":\"2015-10-26T17:52:18+00:00\",\"breadcrumb\":{\"@id\":\"https:\/\/www.ramatdecamins.cat\/la-ruta\/historia\/#breadcrumb\"},\"inLanguage\":\"es\",\"potentialAction\":[{\"@type\":\"ReadAction\",\"target\":[\"https:\/\/www.ramatdecamins.cat\/la-ruta\/historia\/\"]}]},{\"@type\":\"ImageObject\",\"inLanguage\":\"es\",\"@id\":\"https:\/\/www.ramatdecamins.cat\/la-ruta\/historia\/#primaryimage\",\"url\":\"http:\/\/www.ramatdecamins.cat\/wp-content\/uploads\/2015\/10\/foto-espinas-nou-tamany.png\",\"contentUrl\":\"http:\/\/www.ramatdecamins.cat\/wp-content\/uploads\/2015\/10\/foto-espinas-nou-tamany.png\"},{\"@type\":\"BreadcrumbList\",\"@id\":\"https:\/\/www.ramatdecamins.cat\/la-ruta\/historia\/#breadcrumb\",\"itemListElement\":[{\"@type\":\"ListItem\",\"position\":1,\"name\":\"Inici\",\"item\":\"https:\/\/www.ramatdecamins.cat\/\"},{\"@type\":\"ListItem\",\"position\":2,\"name\":\"La ruta\",\"item\":\"https:\/\/www.ramatdecamins.cat\/la-ruta\/\"},{\"@type\":\"ListItem\",\"position\":3,\"name\":\"La historia\"}]},{\"@type\":\"WebSite\",\"@id\":\"https:\/\/www.ramatdecamins.cat\/#website\",\"url\":\"https:\/\/www.ramatdecamins.cat\/\",\"name\":\"Ramat de Camins. La ruta de los 70 pueblos pirinaicos\",\"description\":\"Ramat de Camins. El trekking de los 70 pueblos pirenaicos. Siguiendo los pasos de Camilo Jos\u00e9 Cela y Josep Maria Espin\u00e0s\",\"potentialAction\":[{\"@type\":\"SearchAction\",\"target\":{\"@type\":\"EntryPoint\",\"urlTemplate\":\"https:\/\/www.ramatdecamins.cat\/?s={search_term_string}\"},\"query-input\":{\"@type\":\"PropertyValueSpecification\",\"valueRequired\":true,\"valueName\":\"search_term_string\"}}],\"inLanguage\":\"es\"}]}<\/script>\n<!-- \/ Yoast SEO plugin. -->","yoast_head_json":{"title":"La historia - Ramat de Camins. La ruta de los 70 pueblos pirinaicos","robots":{"index":"index","follow":"follow","max-snippet":"max-snippet:-1","max-image-preview":"max-image-preview:large","max-video-preview":"max-video-preview:-1"},"canonical":"https:\/\/www.ramatdecamins.cat\/la-ruta\/historia\/","og_locale":"es_ES","og_type":"article","og_title":"La historia - Ramat de Camins. La ruta de los 70 pueblos pirinaicos","og_description":"La historia del trekking Ramat de Camins empieza en 2006 cuando una empresa de dinamizaci\u00f3n local de la comarca pirenaica del Pallars Sobir\u00e0 (Montanyanes) decide celebrar el cincuentenario del viaje que en agosto de 1956 hicieron los escritores y caminantes Camilo Jos\u00e9 Cela y Josep Maria Espin\u00e0s por el Pallars Juss\u00e0, Pallars Sobir\u00e0, Val d'Aran y Alta Ribagor\u00e7a...","og_url":"https:\/\/www.ramatdecamins.cat\/la-ruta\/historia\/","og_site_name":"Ramat de Camins. La ruta de los 70 pueblos pirinaicos","article_publisher":"http:\/\/www.facebook.com\/ramatdecamins\/","article_modified_time":"2015-10-26T17:52:18+00:00","og_image":[{"url":"http:\/\/www.ramatdecamins.cat\/wp-content\/uploads\/2015\/10\/foto-espinas-nou-tamany.png","type":"","width":"","height":""}],"twitter_card":"summary_large_image","twitter_misc":{"Tiempo de lectura":"2 minutos"},"schema":{"@context":"https:\/\/schema.org","@graph":[{"@type":"WebPage","@id":"https:\/\/www.ramatdecamins.cat\/la-ruta\/historia\/","url":"https:\/\/www.ramatdecamins.cat\/la-ruta\/historia\/","name":"La historia - Ramat de Camins. La ruta de los 70 pueblos pirinaicos","isPartOf":{"@id":"https:\/\/www.ramatdecamins.cat\/#website"},"primaryImageOfPage":{"@id":"https:\/\/www.ramatdecamins.cat\/la-ruta\/historia\/#primaryimage"},"image":{"@id":"https:\/\/www.ramatdecamins.cat\/la-ruta\/historia\/#primaryimage"},"thumbnailUrl":"http:\/\/www.ramatdecamins.cat\/wp-content\/uploads\/2015\/10\/foto-espinas-nou-tamany.png","datePublished":"2015-09-12T14:43:33+00:00","dateModified":"2015-10-26T17:52:18+00:00","breadcrumb":{"@id":"https:\/\/www.ramatdecamins.cat\/la-ruta\/historia\/#breadcrumb"},"inLanguage":"es","potentialAction":[{"@type":"ReadAction","target":["https:\/\/www.ramatdecamins.cat\/la-ruta\/historia\/"]}]},{"@type":"ImageObject","inLanguage":"es","@id":"https:\/\/www.ramatdecamins.cat\/la-ruta\/historia\/#primaryimage","url":"http:\/\/www.ramatdecamins.cat\/wp-content\/uploads\/2015\/10\/foto-espinas-nou-tamany.png","contentUrl":"http:\/\/www.ramatdecamins.cat\/wp-content\/uploads\/2015\/10\/foto-espinas-nou-tamany.png"},{"@type":"BreadcrumbList","@id":"https:\/\/www.ramatdecamins.cat\/la-ruta\/historia\/#breadcrumb","itemListElement":[{"@type":"ListItem","position":1,"name":"Inici","item":"https:\/\/www.ramatdecamins.cat\/"},{"@type":"ListItem","position":2,"name":"La ruta","item":"https:\/\/www.ramatdecamins.cat\/la-ruta\/"},{"@type":"ListItem","position":3,"name":"La historia"}]},{"@type":"WebSite","@id":"https:\/\/www.ramatdecamins.cat\/#website","url":"https:\/\/www.ramatdecamins.cat\/","name":"Ramat de Camins. La ruta de los 70 pueblos pirinaicos","description":"Ramat de Camins. El trekking de los 70 pueblos pirenaicos. Siguiendo los pasos de Camilo Jos\u00e9 Cela y Josep Maria Espin\u00e0s","potentialAction":[{"@type":"SearchAction","target":{"@type":"EntryPoint","urlTemplate":"https:\/\/www.ramatdecamins.cat\/?s={search_term_string}"},"query-input":{"@type":"PropertyValueSpecification","valueRequired":true,"valueName":"search_term_string"}}],"inLanguage":"es"}]}},"_links":{"self":[{"href":"https:\/\/www.ramatdecamins.cat\/es\/wp-json\/wp\/v2\/pages\/14","targetHints":{"allow":["GET"]}}],"collection":[{"href":"https:\/\/www.ramatdecamins.cat\/es\/wp-json\/wp\/v2\/pages"}],"about":[{"href":"https:\/\/www.ramatdecamins.cat\/es\/wp-json\/wp\/v2\/types\/page"}],"author":[{"embeddable":true,"href":"https:\/\/www.ramatdecamins.cat\/es\/wp-json\/wp\/v2\/users\/1"}],"replies":[{"embeddable":true,"href":"https:\/\/www.ramatdecamins.cat\/es\/wp-json\/wp\/v2\/comments?post=14"}],"version-history":[{"count":20,"href":"https:\/\/www.ramatdecamins.cat\/es\/wp-json\/wp\/v2\/pages\/14\/revisions"}],"predecessor-version":[{"id":1077,"href":"https:\/\/www.ramatdecamins.cat\/es\/wp-json\/wp\/v2\/pages\/14\/revisions\/1077"}],"up":[{"embeddable":true,"href":"https:\/\/www.ramatdecamins.cat\/es\/wp-json\/wp\/v2\/pages\/316"}],"wp:attachment":[{"href":"https:\/\/www.ramatdecamins.cat\/es\/wp-json\/wp\/v2\/media?parent=14"}],"curies":[{"name":"wp","href":"https:\/\/api.w.org\/{rel}","templated":true}]}}